{"id":1202,"date":"2025-12-19T16:18:48","date_gmt":"2025-12-19T15:18:48","guid":{"rendered":"https:\/\/www.ostseeferienparkseepferdchen.de\/?page_id=1202"},"modified":"2026-02-10T16:55:37","modified_gmt":"2026-02-10T15:55:37","slug":"wir-ueber-uns","status":"publish","type":"page","link":"https:\/\/www.ostseeferienparkseepferdchen.de\/de\/eigentuemerservice\/wir-ueber-uns\/","title":{"rendered":"Wir \u00fcber uns"},"content":{"rendered":"\t\t<div data-elementor-type=\"wp-page\" data-elementor-id=\"1202\" class=\"elementor elementor-1202\" data-elementor-post-type=\"page\">\n\t\t\t\t<div class=\"elementor-element elementor-element-37c87f9e e-flex e-con-boxed e-con e-parent\" data-id=\"37c87f9e\" data-element_type=\"container\" data-e-type=\"container\">\n\t\t\t\t\t<div class=\"e-con-inner\">\n\t\t\t\t<div class=\"elementor-element elementor-element-72d72496 elementor-widget elementor-widget-heading\" data-id=\"72d72496\" data-element_type=\"widget\" data-e-type=\"widget\" data-widget_type=\"heading.default\">\n\t\t\t\t\t<h1 class=\"elementor-heading-title elementor-size-default\">Wer sind wir?<\/h1>\t\t\t\t<\/div>\n\t\t\t\t<div class=\"elementor-element elementor-element-402a618b elementor-widget__width-initial elementor-widget-tablet__width-inherit elementor-widget elementor-widget-heading\" data-id=\"402a618b\" data-element_type=\"widget\" data-e-type=\"widget\" data-widget_type=\"heading.default\">\n\t\t\t\t\t<h3 class=\"elementor-heading-title elementor-size-default\">Ihr Partner f\u00fcr die professionelle Vermarktung und Bewirtschaftung Ihrer Kapitalanlage. <\/h3>\t\t\t\t<\/div>\n\t\t\t\t<div class=\"elementor-element elementor-element-738ebcbf elementor-widget-mobile__width-inherit elementor-widget-tablet__width-inherit elementor-widget__width-initial elementor-widget elementor-widget-text-editor\" data-id=\"738ebcbf\" data-element_type=\"widget\" data-e-type=\"widget\" data-widget_type=\"text-editor.default\">\n\t\t\t\t\t\t\t\t\t<p>Die Ostseetraum Ferienwohnungen wurde 2008 als GbR gegr\u00fcndet und hat sich seitdem als zuverl\u00e4ssiger Anbieter und Vermarkter von Ferienunterk\u00fcnften an der Ostsee etabliert. Im Jahre 2023 erfolgte die Umwandlung in eine GmbH.<\/p><p>Mit nahezu zwei Jahrzehnten Erfahrung betreiben wir erfolgreich unterschiedlichste Ferienwohnungen- und H\u00e4user zwischen den beliebten Ostseeb\u00e4dern Warnem\u00fcnde und K\u00fchlungsborn. Drei regionale Servicefilialen stehen unseren G\u00e4sten in Nienhagen, B\u00f6rgerende bei Heiligendamm und K\u00fchlungsborn als Urlaubs-Zentralen zur Verf\u00fcgung.<\/p><p>Mit einem nachhaltigen, innovativen Konzept steigern wir sowohl die Auslastung als auch die Rentabilit\u00e4t f\u00fcr unsere Eigent\u00fcmer.<\/p>\t\t\t\t\t\t\t\t<\/div>\n\t\t\t\t<div class=\"elementor-element elementor-element-7102d2a elementor-align-center elementor-mobile-align-justify beon-button-hover elementor-widget elementor-widget-button\" data-id=\"7102d2a\" data-element_type=\"widget\" data-e-type=\"widget\" data-widget_type=\"button.default\">\n\t\t\t\t\t\t\t\t\t\t<a class=\"elementor-button elementor-button-link elementor-size-sm\" href=\"\/wp-content\/uploads\/2026\/02\/lageplan2026seepferdchen.pdf\" target=\"_blank\">\n\t\t\t\t\t\t<span class=\"elementor-button-content-wrapper\">\n\t\t\t\t\t\t<span class=\"elementor-button-icon\">\n\t\t\t\t<svg xmlns=\"http:\/\/www.w3.org\/2000\/svg\" width=\"7\" height=\"12\" viewBox=\"0 0 7 12\" fill=\"none\"><path d=\"M0.538613 0.522095L5.82861 5.97758L0.538613 11.0921\" stroke=\"white\" stroke-width=\"1.5\"><\/path><\/svg>\t\t\t<\/span>\n\t\t\t\t\t\t\t\t\t<span class=\"elementor-button-text\">Lageplan des Ostseeferienparks<\/span>\n\t\t\t\t\t<\/span>\n\t\t\t\t\t<\/a>\n\t\t\t\t\t\t\t\t<\/div>\n\t\t\t\t\t<\/div>\n\t\t\t\t<\/div>\n\t\t<div class=\"elementor-element elementor-element-ce2c915 e-flex e-con-boxed e-con e-parent\" data-id=\"ce2c915\" data-element_type=\"container\" data-e-type=\"container\">\n\t\t\t\t\t<div class=\"e-con-inner\">\n\t\t\t\t<div class=\"elementor-element elementor-element-e1e1f99 elementor-widget elementor-widget-template\" data-id=\"e1e1f99\" data-element_type=\"widget\" data-e-type=\"widget\" data-widget_type=\"template.default\">\n\t\t\t\t<div class=\"elementor-widget-container\">\n\t\t\t\t\t\t\t<div class=\"elementor-template\">\n\t\t\t\t\t<div data-elementor-type=\"container\" data-elementor-id=\"1337\" class=\"elementor elementor-1337\" data-elementor-post-type=\"elementor_library\">\n\t\t\t\t<div class=\"elementor-element elementor-element-50c0855c e-flex e-con-boxed e-con e-parent\" data-id=\"50c0855c\" data-element_type=\"container\" data-e-type=\"container\">\n\t\t\t\t\t<div class=\"e-con-inner\">\n\t\t\t\t<div class=\"elementor-element elementor-element-2455c226 elementor-widget-divider--view-line elementor-widget elementor-widget-divider\" data-id=\"2455c226\" data-element_type=\"widget\" data-e-type=\"widget\" data-widget_type=\"divider.default\">\n\t\t\t\t\t\t\t<div class=\"elementor-divider\">\n\t\t\t<span class=\"elementor-divider-separator\">\n\t\t\t\t\t\t<\/span>\n\t\t<\/div>\n\t\t\t\t\t\t<\/div>\n\t\t\t\t<div class=\"elementor-element elementor-element-639ecbfa elementor-widget elementor-widget-image\" data-id=\"639ecbfa\" data-element_type=\"widget\" data-e-type=\"widget\" data-widget_type=\"image.default\">\n\t\t\t\t\t\t\t\t\t\t\t\t\t\t\t<img decoding=\"async\" width=\"28\" height=\"49\" src=\"https:\/\/www.ostseeferienparkseepferdchen.de\/wp-content\/uploads\/2025\/12\/Unbenannt-2.png\" class=\"attachment-large size-large wp-image-1315\" alt=\"\" \/>\t\t\t\t\t\t\t\t\t\t\t\t\t\t\t<\/div>\n\t\t\t\t<div class=\"elementor-element elementor-element-62c2378b elementor-widget-divider--view-line elementor-widget elementor-widget-divider\" data-id=\"62c2378b\" data-element_type=\"widget\" data-e-type=\"widget\" data-widget_type=\"divider.default\">\n\t\t\t\t\t\t\t<div class=\"elementor-divider\">\n\t\t\t<span class=\"elementor-divider-separator\">\n\t\t\t\t\t\t<\/span>\n\t\t<\/div>\n\t\t\t\t\t\t<\/div>\n\t\t\t\t\t<\/div>\n\t\t\t\t<\/div>\n\t\t\t\t<\/div>\n\t\t\t\t<\/div>\n\t\t\t\t\t\t<\/div>\n\t\t\t\t<\/div>\n\t\t\t\t\t<\/div>\n\t\t\t\t<\/div>\n\t\t<div class=\"elementor-element elementor-element-3f8dc96 e-flex e-con-boxed e-con e-parent\" data-id=\"3f8dc96\" data-element_type=\"container\" data-e-type=\"container\">\n\t\t\t\t\t<div class=\"e-con-inner\">\n\t\t<div class=\"elementor-element elementor-element-881bfd6 e-con-full e-flex e-con e-child\" data-id=\"881bfd6\" data-element_type=\"container\" data-e-type=\"container\">\n\t\t\t\t<div class=\"elementor-element elementor-element-39602f1 elementor-widget elementor-widget-image\" data-id=\"39602f1\" data-element_type=\"widget\" data-e-type=\"widget\" data-widget_type=\"image.default\">\n\t\t\t\t\t\t\t\t\t\t\t\t\t\t\t<img fetchpriority=\"high\" decoding=\"async\" width=\"400\" height=\"345\" src=\"https:\/\/www.ostseeferienparkseepferdchen.de\/wp-content\/uploads\/2025\/12\/image.png\" class=\"attachment-large size-large wp-image-1682\" alt=\"\" srcset=\"https:\/\/www.ostseeferienparkseepferdchen.de\/wp-content\/uploads\/2025\/12\/image.png 400w, https:\/\/www.ostseeferienparkseepferdchen.de\/wp-content\/uploads\/2025\/12\/image-300x259.png 300w\" sizes=\"(max-width: 400px) 100vw, 400px\" \/>\t\t\t\t\t\t\t\t\t\t\t\t\t\t\t<\/div>\n\t\t\t\t<\/div>\n\t\t<div class=\"elementor-element elementor-element-a813e43 e-con-full e-flex e-con e-child\" data-id=\"a813e43\" data-element_type=\"container\" data-e-type=\"container\">\n\t\t\t\t<div class=\"elementor-element elementor-element-93567e0 elementor-widget elementor-widget-heading\" data-id=\"93567e0\" data-element_type=\"widget\" data-e-type=\"widget\" data-widget_type=\"heading.default\">\n\t\t\t\t\t<h4 class=\"elementor-heading-title elementor-size-default\">Wer sind unsere G\u00e4ste?<\/h4>\t\t\t\t<\/div>\n\t\t\t\t<div class=\"elementor-element elementor-element-b2ef371 elementor-widget elementor-widget-heading\" data-id=\"b2ef371\" data-element_type=\"widget\" data-e-type=\"widget\" data-widget_type=\"heading.default\">\n\t\t\t\t\t<h5 class=\"elementor-heading-title elementor-size-default\">Etwa 54% unserer G\u00e4ste sind Stammg\u00e4ste.<\/h5>\t\t\t\t<\/div>\n\t\t\t\t<div class=\"elementor-element elementor-element-cf890bd elementor-widget elementor-widget-text-editor\" data-id=\"cf890bd\" data-element_type=\"widget\" data-e-type=\"widget\" data-widget_type=\"text-editor.default\">\n\t\t\t\t\t\t\t\t\t<p>Wir sprechen ganz bewu\u00dft ein gemischtes Publikum mit unterschiedlichen Interessen an. Familien orientieren sich in der Regel an den Schulferien \u2013 das sind 13-14 Ferienwochen pro Jahr \u2013 rein rechnerisch nur 98 Tage Auslastung.<\/p><p>Best Ager z.B bevorzugen die ruhigere Vor- und Nachsaison. Das sind die Monate Mai bis Juni (au\u00dfer Pfingsten) und September, etwa 75 Tage Auslastung m\u00f6glich. Bei einer g\u00e4ngigen Saisonzeiteneinteilung bietet die Ostseek\u00fcste rund 192 Tage Auslastung.<\/p><p>Unsere G\u00e4ste kommen in vielf\u00e4ltigen Konstellationen: Eltern mit Kindern, Gro\u00dfeltern, Geschwister oder Freunde. Sie genie\u00dfen Natur und Fahrradtouren, suchen Wellness und Entspannung, planen Firmenevents, Teambuildings oder Workshops. Viele sch\u00e4tzen auch das Arbeiten in ruhiger Umgebung, reisen mit Haustier oder besuchen Veranstaltungen in der Region.<\/p>\t\t\t\t\t\t\t\t<\/div>\n\t\t\t\t<\/div>\n\t\t\t\t\t<\/div>\n\t\t\t\t<\/div>\n\t\t<div class=\"elementor-element elementor-element-aa549f2 e-flex e-con-boxed e-con e-parent\" data-id=\"aa549f2\" data-element_type=\"container\" data-e-type=\"container\">\n\t\t\t\t\t<div class=\"e-con-inner\">\n\t\t<div class=\"elementor-element elementor-element-59fe063 e-con-full e-flex e-con e-child\" data-id=\"59fe063\" data-element_type=\"container\" data-e-type=\"container\">\n\t\t\t\t<div class=\"elementor-element elementor-element-f999361 elementor-widget elementor-widget-image\" data-id=\"f999361\" data-element_type=\"widget\" data-e-type=\"widget\" data-widget_type=\"image.default\">\n\t\t\t\t\t\t\t\t\t\t\t\t\t\t\t<img decoding=\"async\" width=\"400\" height=\"320\" src=\"https:\/\/www.ostseeferienparkseepferdchen.de\/wp-content\/uploads\/2025\/12\/image-1.png\" class=\"attachment-large size-large wp-image-1681\" alt=\"\" srcset=\"https:\/\/www.ostseeferienparkseepferdchen.de\/wp-content\/uploads\/2025\/12\/image-1.png 400w, https:\/\/www.ostseeferienparkseepferdchen.de\/wp-content\/uploads\/2025\/12\/image-1-300x240.png 300w\" sizes=\"(max-width: 400px) 100vw, 400px\" \/>\t\t\t\t\t\t\t\t\t\t\t\t\t\t\t<\/div>\n\t\t\t\t<\/div>\n\t\t<div class=\"elementor-element elementor-element-1135eb6 e-con-full e-flex e-con e-child\" data-id=\"1135eb6\" data-element_type=\"container\" data-e-type=\"container\">\n\t\t\t\t<div class=\"elementor-element elementor-element-91c100f elementor-widget elementor-widget-heading\" data-id=\"91c100f\" data-element_type=\"widget\" data-e-type=\"widget\" data-widget_type=\"heading.default\">\n\t\t\t\t\t<h4 class=\"elementor-heading-title elementor-size-default\">Was ist f\u00fcr uns selbstverst\u00e4ndlich?<\/h4>\t\t\t\t<\/div>\n\t\t\t\t<div class=\"elementor-element elementor-element-ee921ad elementor-widget elementor-widget-heading\" data-id=\"ee921ad\" data-element_type=\"widget\" data-e-type=\"widget\" data-widget_type=\"heading.default\">\n\t\t\t\t\t<h5 class=\"elementor-heading-title elementor-size-default\">Pers\u00f6nlicher Service, schnelle Reaktionszeiten und maximale Transparenz.<\/h5>\t\t\t\t<\/div>\n\t\t\t\t<div class=\"elementor-element elementor-element-eac9912 elementor-widget elementor-widget-text-editor\" data-id=\"eac9912\" data-element_type=\"widget\" data-e-type=\"widget\" data-widget_type=\"text-editor.default\">\n\t\t\t\t\t\t\t\t\t<p>Pers\u00f6nlich sind wir jederzeit per Telefon und E-Mail erreichbar. Anliegen und Eigent\u00fcmeranfragen werden sofort zu den Servicezeiten (09.00 bis 17.00 Uhr) oder maximal in 24 Stunden beantwortet.<\/p><p>Der Auslastungsstand ist immer per Eigent\u00fcmer-Login einsehbar.<\/p><p>Regelm\u00e4\u00dfige Kommunikation \u00fcber bevorstehende Rabattaktionen, Preise f\u00fcr das Folgejahr, Mindestbelegungstage\/-l\u00fccken etc. werden mit einem regelm\u00e4\u00dfigem Eigent\u00fcmer-Infoletter angek\u00fcndigt. Um \u00fcber alles gut informiert zu sein, erh\u00e4lt jeder Eigent\u00fcmer zudem unser monatlich erscheinenden G\u00e4ste-Newsletter.<\/p><p>Zus\u00e4tzliche Transparenz gibt es auf unseren Informationsveranstaltungen (mindestens 1x j\u00e4hrlich \/ z.B. im Rahmen der Eigent\u00fcmerversammlung). Erfahrungen, Aussichten und geplante Marketingma\u00dfnahmen werden pers\u00f6nlich besprochen.<\/p>\t\t\t\t\t\t\t\t<\/div>\n\t\t\t\t<\/div>\n\t\t\t\t\t<\/div>\n\t\t\t\t<\/div>\n\t\t<div class=\"elementor-element elementor-element-b9fb4cc e-flex e-con-boxed e-con e-parent\" data-id=\"b9fb4cc\" data-element_type=\"container\" data-e-type=\"container\">\n\t\t\t\t\t<div class=\"e-con-inner\">\n\t\t<div class=\"elementor-element elementor-element-b4c7f67 e-con-full e-flex e-con e-child\" data-id=\"b4c7f67\" data-element_type=\"container\" data-e-type=\"container\">\n\t\t\t\t<div class=\"elementor-element elementor-element-f3d7cff elementor-widget elementor-widget-image\" data-id=\"f3d7cff\" data-element_type=\"widget\" data-e-type=\"widget\" data-widget_type=\"image.default\">\n\t\t\t\t\t\t\t\t\t\t\t\t\t\t\t<img fetchpriority=\"high\" decoding=\"async\" width=\"400\" height=\"345\" src=\"https:\/\/www.ostseeferienparkseepferdchen.de\/wp-content\/uploads\/2025\/12\/image.png\" class=\"attachment-large size-large wp-image-1682\" alt=\"\" srcset=\"https:\/\/www.ostseeferienparkseepferdchen.de\/wp-content\/uploads\/2025\/12\/image.png 400w, https:\/\/www.ostseeferienparkseepferdchen.de\/wp-content\/uploads\/2025\/12\/image-300x259.png 300w\" sizes=\"(max-width: 400px) 100vw, 400px\" \/>\t\t\t\t\t\t\t\t\t\t\t\t\t\t\t<\/div>\n\t\t\t\t<\/div>\n\t\t<div class=\"elementor-element elementor-element-316264e e-con-full e-flex e-con e-child\" data-id=\"316264e\" data-element_type=\"container\" data-e-type=\"container\">\n\t\t\t\t<div class=\"elementor-element elementor-element-cd7e9a1 elementor-widget elementor-widget-heading\" data-id=\"cd7e9a1\" data-element_type=\"widget\" data-e-type=\"widget\" data-widget_type=\"heading.default\">\n\t\t\t\t\t<h4 class=\"elementor-heading-title elementor-size-default\">Wie sind wir f\u00fcr Sie aufgestellt?<\/h4>\t\t\t\t<\/div>\n\t\t\t\t<div class=\"elementor-element elementor-element-b1080e9 elementor-widget elementor-widget-heading\" data-id=\"b1080e9\" data-element_type=\"widget\" data-e-type=\"widget\" data-widget_type=\"heading.default\">\n\t\t\t\t\t<h5 class=\"elementor-heading-title elementor-size-default\">Insgesamt 20 Angestellte plus einer Agentur samt Marketing- und PR-Team.<\/h5>\t\t\t\t<\/div>\n\t\t\t\t<div class=\"elementor-element elementor-element-8fb051e elementor-widget elementor-widget-text-editor\" data-id=\"8fb051e\" data-element_type=\"widget\" data-e-type=\"widget\" data-widget_type=\"text-editor.default\">\n\t\t\t\t\t\t\t\t\t<p>Mit Ausnahme der Buchhaltung und des technischen Personals sind alle Mitarbeiter als \u201eAllrounder\u201c einsetzbar und k\u00f6nnen sich gegenseitig vertreten. Dies ist f\u00fcr uns ein zentraler Aspekt, um jederzeit flexibel und schnell reagieren zu k\u00f6nnen.<\/p><p>F\u00fcr die Standorte B\u00f6rgerende und Nienhagen sind jeweils eigene Haustechniker-Teams zur Betreuung der Anlagen besch\u00e4ftigt. Kleinere M\u00e4ngel werden innerhalb 24 Stunden behoben, gr\u00f6\u00dfere M\u00e4ngel z. B. Schnellaustausch von Haushaltsger\u00e4ten sind m\u00f6glich.<\/p><p>Neben der Haustechnik welche f\u00fcr die der Objektplege und- Betreuung zust\u00e4ndig ist, sorgen sich eigene Mitarbeiter um die G\u00e4ste- und Eigent\u00fcmerbetreuung, eine Hausdame dient zur \u00dcberwachung und Organisation der Reinigung.<\/p>\t\t\t\t\t\t\t\t<\/div>\n\t\t\t\t<\/div>\n\t\t\t\t\t<\/div>\n\t\t\t\t<\/div>\n\t\t\t\t<\/div>\n\t\t","protected":false},"excerpt":{"rendered":"<p>Wer sind wir? Ihr Partner f\u00fcr die professionelle Vermarktung und Bewirtschaftung Ihrer Kapitalanlage. Die Ostseetraum Ferienwohnungen wurde 2008 als GbR gegr\u00fcndet und hat sich seitdem als zuverl\u00e4ssiger Anbieter und Vermarkter von Ferienunterk\u00fcnften an der Ostsee etabliert. Im Jahre 2023 erfolgte die Umwandlung in eine GmbH. Mit nahezu zwei Jahrzehnten Erfahrung betreiben wir erfolgreich unterschiedlichste Ferienwohnungen- [&hellip;]<\/p>\n","protected":false},"author":1,"featured_media":2108,"parent":1200,"menu_order":0,"comment_status":"closed","ping_status":"closed","template":"","meta":{"_acf_changed":false,"footnotes":""},"seitenart":[],"class_list":["post-1202","page","type-page","status-publish","has-post-thumbnail","hentry"],"acf":[],"yoast_head":"<!-- This site is optimized with the Yoast SEO plugin v27.3 - https:\/\/yoast.com\/product\/yoast-seo-wordpress\/ -->\n<title>Wir \u00fcber uns - Ostseeferienpark Seepferdchen<\/title>\n<meta name=\"description\" content=\"Mit Ostseetraum vermieten Sie ihre Ferienimmobilien sorgenfrei und profitabel. Ihr Partner f\u00fcr erfolgreiche Ferienvermietung an der Ostsee\" \/>\n<meta name=\"robots\" content=\"index, follow, max-snippet:-1, max-image-preview:large, max-video-preview:-1\" \/>\n<link rel=\"canonical\" href=\"https:\/\/www.ostseeferienparkseepferdchen.de\/de\/eigentuemerservice\/wir-ueber-uns\/\" \/>\n<meta property=\"og:locale\" content=\"de_DE\" \/>\n<meta property=\"og:type\" content=\"article\" \/>\n<meta property=\"og:title\" content=\"Wir \u00fcber uns - Ostseeferienpark Seepferdchen\" \/>\n<meta property=\"og:description\" content=\"Mit Ostseetraum vermieten Sie ihre Ferienimmobilien sorgenfrei und profitabel. Ihr Partner f\u00fcr erfolgreiche Ferienvermietung an der Ostsee\" \/>\n<meta property=\"og:url\" content=\"https:\/\/www.ostseeferienparkseepferdchen.de\/de\/eigentuemerservice\/wir-ueber-uns\/\" \/>\n<meta property=\"og:site_name\" content=\"Ostseeferienpark Seepferdchen\" \/>\n<meta property=\"article:modified_time\" content=\"2026-02-10T15:55:37+00:00\" \/>\n<meta property=\"og:image\" content=\"https:\/\/www.ostseeferienparkseepferdchen.de\/wp-content\/uploads\/2026\/02\/Ueber_Uns.jpg\" \/>\n\t<meta property=\"og:image:width\" content=\"1920\" \/>\n\t<meta property=\"og:image:height\" content=\"800\" \/>\n\t<meta property=\"og:image:type\" content=\"image\/jpeg\" \/>\n<meta name=\"twitter:card\" content=\"summary_large_image\" \/>\n<meta name=\"twitter:label1\" content=\"Gesch\u00e4tzte Lesezeit\" \/>\n\t<meta name=\"twitter:data1\" content=\"1\u00a0Minute\" \/>\n<script type=\"application\/ld+json\" class=\"yoast-schema-graph\">{\"@context\":\"https:\\\/\\\/schema.org\",\"@graph\":[{\"@type\":\"WebPage\",\"@id\":\"https:\\\/\\\/www.ostseeferienparkseepferdchen.de\\\/de\\\/eigentuemerservice\\\/wir-ueber-uns\\\/\",\"url\":\"https:\\\/\\\/www.ostseeferienparkseepferdchen.de\\\/de\\\/eigentuemerservice\\\/wir-ueber-uns\\\/\",\"name\":\"Wir \u00fcber uns - Ostseeferienpark Seepferdchen\",\"isPartOf\":{\"@id\":\"https:\\\/\\\/www.ostseeferienparkseepferdchen.de\\\/de\\\/#website\"},\"primaryImageOfPage\":{\"@id\":\"https:\\\/\\\/www.ostseeferienparkseepferdchen.de\\\/de\\\/eigentuemerservice\\\/wir-ueber-uns\\\/#primaryimage\"},\"image\":{\"@id\":\"https:\\\/\\\/www.ostseeferienparkseepferdchen.de\\\/de\\\/eigentuemerservice\\\/wir-ueber-uns\\\/#primaryimage\"},\"thumbnailUrl\":\"https:\\\/\\\/www.ostseeferienparkseepferdchen.de\\\/wp-content\\\/uploads\\\/2026\\\/02\\\/Ueber_Uns.jpg\",\"datePublished\":\"2025-12-19T15:18:48+00:00\",\"dateModified\":\"2026-02-10T15:55:37+00:00\",\"description\":\"Mit Ostseetraum vermieten Sie ihre Ferienimmobilien sorgenfrei und profitabel. Ihr Partner f\u00fcr erfolgreiche Ferienvermietung an der Ostsee\",\"breadcrumb\":{\"@id\":\"https:\\\/\\\/www.ostseeferienparkseepferdchen.de\\\/de\\\/eigentuemerservice\\\/wir-ueber-uns\\\/#breadcrumb\"},\"inLanguage\":\"de\",\"potentialAction\":[{\"@type\":\"ReadAction\",\"target\":[\"https:\\\/\\\/www.ostseeferienparkseepferdchen.de\\\/de\\\/eigentuemerservice\\\/wir-ueber-uns\\\/\"]}]},{\"@type\":\"ImageObject\",\"inLanguage\":\"de\",\"@id\":\"https:\\\/\\\/www.ostseeferienparkseepferdchen.de\\\/de\\\/eigentuemerservice\\\/wir-ueber-uns\\\/#primaryimage\",\"url\":\"https:\\\/\\\/www.ostseeferienparkseepferdchen.de\\\/wp-content\\\/uploads\\\/2026\\\/02\\\/Ueber_Uns.jpg\",\"contentUrl\":\"https:\\\/\\\/www.ostseeferienparkseepferdchen.de\\\/wp-content\\\/uploads\\\/2026\\\/02\\\/Ueber_Uns.jpg\",\"width\":1920,\"height\":800},{\"@type\":\"BreadcrumbList\",\"@id\":\"https:\\\/\\\/www.ostseeferienparkseepferdchen.de\\\/de\\\/eigentuemerservice\\\/wir-ueber-uns\\\/#breadcrumb\",\"itemListElement\":[{\"@type\":\"ListItem\",\"position\":1,\"name\":\"Start\",\"item\":\"https:\\\/\\\/www.ostseeferienparkseepferdchen.de\\\/de\\\/\"},{\"@type\":\"ListItem\",\"position\":2,\"name\":\"Eigent\u00fcmerservice\",\"item\":\"https:\\\/\\\/www.ostseeferienparkseepferdchen.de\\\/de\\\/eigentuemerservice\\\/\"},{\"@type\":\"ListItem\",\"position\":3,\"name\":\"Wir \u00fcber uns\"}]},{\"@type\":\"WebSite\",\"@id\":\"https:\\\/\\\/www.ostseeferienparkseepferdchen.de\\\/de\\\/#website\",\"url\":\"https:\\\/\\\/www.ostseeferienparkseepferdchen.de\\\/de\\\/\",\"name\":\"Ostseeferienpark Seepferdchen\",\"description\":\"\",\"publisher\":{\"@id\":\"https:\\\/\\\/www.ostseeferienparkseepferdchen.de\\\/de\\\/#organization\"},\"potentialAction\":[{\"@type\":\"SearchAction\",\"target\":{\"@type\":\"EntryPoint\",\"urlTemplate\":\"https:\\\/\\\/www.ostseeferienparkseepferdchen.de\\\/de\\\/?s={search_term_string}\"},\"query-input\":{\"@type\":\"PropertyValueSpecification\",\"valueRequired\":true,\"valueName\":\"search_term_string\"}}],\"inLanguage\":\"de\"},{\"@type\":\"Organization\",\"@id\":\"https:\\\/\\\/www.ostseeferienparkseepferdchen.de\\\/de\\\/#organization\",\"name\":\"Ostseeferienpark Seepferdchen\",\"url\":\"https:\\\/\\\/www.ostseeferienparkseepferdchen.de\\\/de\\\/\",\"logo\":{\"@type\":\"ImageObject\",\"inLanguage\":\"de\",\"@id\":\"https:\\\/\\\/www.ostseeferienparkseepferdchen.de\\\/de\\\/#\\\/schema\\\/logo\\\/image\\\/\",\"url\":\"https:\\\/\\\/www.ostseeferienparkseepferdchen.de\\\/wp-content\\\/uploads\\\/2025\\\/12\\\/Logo_OFPS-rgb-1.svg\",\"contentUrl\":\"https:\\\/\\\/www.ostseeferienparkseepferdchen.de\\\/wp-content\\\/uploads\\\/2025\\\/12\\\/Logo_OFPS-rgb-1.svg\",\"caption\":\"Ostseeferienpark Seepferdchen\"},\"image\":{\"@id\":\"https:\\\/\\\/www.ostseeferienparkseepferdchen.de\\\/de\\\/#\\\/schema\\\/logo\\\/image\\\/\"}}]}<\/script>\n<!-- \/ Yoast SEO plugin. -->","yoast_head_json":{"title":"Wir \u00fcber uns - Ostseeferienpark Seepferdchen","description":"Mit Ostseetraum vermieten Sie ihre Ferienimmobilien sorgenfrei und profitabel. Ihr Partner f\u00fcr erfolgreiche Ferienvermietung an der Ostsee","robots":{"index":"index","follow":"follow","max-snippet":"max-snippet:-1","max-image-preview":"max-image-preview:large","max-video-preview":"max-video-preview:-1"},"canonical":"https:\/\/www.ostseeferienparkseepferdchen.de\/de\/eigentuemerservice\/wir-ueber-uns\/","og_locale":"de_DE","og_type":"article","og_title":"Wir \u00fcber uns - Ostseeferienpark Seepferdchen","og_description":"Mit Ostseetraum vermieten Sie ihre Ferienimmobilien sorgenfrei und profitabel. Ihr Partner f\u00fcr erfolgreiche Ferienvermietung an der Ostsee","og_url":"https:\/\/www.ostseeferienparkseepferdchen.de\/de\/eigentuemerservice\/wir-ueber-uns\/","og_site_name":"Ostseeferienpark Seepferdchen","article_modified_time":"2026-02-10T15:55:37+00:00","og_image":[{"width":1920,"height":800,"url":"https:\/\/www.ostseeferienparkseepferdchen.de\/wp-content\/uploads\/2026\/02\/Ueber_Uns.jpg","type":"image\/jpeg"}],"twitter_card":"summary_large_image","twitter_misc":{"Gesch\u00e4tzte Lesezeit":"1\u00a0Minute"},"schema":{"@context":"https:\/\/schema.org","@graph":[{"@type":"WebPage","@id":"https:\/\/www.ostseeferienparkseepferdchen.de\/de\/eigentuemerservice\/wir-ueber-uns\/","url":"https:\/\/www.ostseeferienparkseepferdchen.de\/de\/eigentuemerservice\/wir-ueber-uns\/","name":"Wir \u00fcber uns - Ostseeferienpark Seepferdchen","isPartOf":{"@id":"https:\/\/www.ostseeferienparkseepferdchen.de\/de\/#website"},"primaryImageOfPage":{"@id":"https:\/\/www.ostseeferienparkseepferdchen.de\/de\/eigentuemerservice\/wir-ueber-uns\/#primaryimage"},"image":{"@id":"https:\/\/www.ostseeferienparkseepferdchen.de\/de\/eigentuemerservice\/wir-ueber-uns\/#primaryimage"},"thumbnailUrl":"https:\/\/www.ostseeferienparkseepferdchen.de\/wp-content\/uploads\/2026\/02\/Ueber_Uns.jpg","datePublished":"2025-12-19T15:18:48+00:00","dateModified":"2026-02-10T15:55:37+00:00","description":"Mit Ostseetraum vermieten Sie ihre Ferienimmobilien sorgenfrei und profitabel. Ihr Partner f\u00fcr erfolgreiche Ferienvermietung an der Ostsee","breadcrumb":{"@id":"https:\/\/www.ostseeferienparkseepferdchen.de\/de\/eigentuemerservice\/wir-ueber-uns\/#breadcrumb"},"inLanguage":"de","potentialAction":[{"@type":"ReadAction","target":["https:\/\/www.ostseeferienparkseepferdchen.de\/de\/eigentuemerservice\/wir-ueber-uns\/"]}]},{"@type":"ImageObject","inLanguage":"de","@id":"https:\/\/www.ostseeferienparkseepferdchen.de\/de\/eigentuemerservice\/wir-ueber-uns\/#primaryimage","url":"https:\/\/www.ostseeferienparkseepferdchen.de\/wp-content\/uploads\/2026\/02\/Ueber_Uns.jpg","contentUrl":"https:\/\/www.ostseeferienparkseepferdchen.de\/wp-content\/uploads\/2026\/02\/Ueber_Uns.jpg","width":1920,"height":800},{"@type":"BreadcrumbList","@id":"https:\/\/www.ostseeferienparkseepferdchen.de\/de\/eigentuemerservice\/wir-ueber-uns\/#breadcrumb","itemListElement":[{"@type":"ListItem","position":1,"name":"Start","item":"https:\/\/www.ostseeferienparkseepferdchen.de\/de\/"},{"@type":"ListItem","position":2,"name":"Eigent\u00fcmerservice","item":"https:\/\/www.ostseeferienparkseepferdchen.de\/de\/eigentuemerservice\/"},{"@type":"ListItem","position":3,"name":"Wir \u00fcber uns"}]},{"@type":"WebSite","@id":"https:\/\/www.ostseeferienparkseepferdchen.de\/de\/#website","url":"https:\/\/www.ostseeferienparkseepferdchen.de\/de\/","name":"Ostseeferienpark Seepferdchen","description":"","publisher":{"@id":"https:\/\/www.ostseeferienparkseepferdchen.de\/de\/#organization"},"potentialAction":[{"@type":"SearchAction","target":{"@type":"EntryPoint","urlTemplate":"https:\/\/www.ostseeferienparkseepferdchen.de\/de\/?s={search_term_string}"},"query-input":{"@type":"PropertyValueSpecification","valueRequired":true,"valueName":"search_term_string"}}],"inLanguage":"de"},{"@type":"Organization","@id":"https:\/\/www.ostseeferienparkseepferdchen.de\/de\/#organization","name":"Ostseeferienpark Seepferdchen","url":"https:\/\/www.ostseeferienparkseepferdchen.de\/de\/","logo":{"@type":"ImageObject","inLanguage":"de","@id":"https:\/\/www.ostseeferienparkseepferdchen.de\/de\/#\/schema\/logo\/image\/","url":"https:\/\/www.ostseeferienparkseepferdchen.de\/wp-content\/uploads\/2025\/12\/Logo_OFPS-rgb-1.svg","contentUrl":"https:\/\/www.ostseeferienparkseepferdchen.de\/wp-content\/uploads\/2025\/12\/Logo_OFPS-rgb-1.svg","caption":"Ostseeferienpark Seepferdchen"},"image":{"@id":"https:\/\/www.ostseeferienparkseepferdchen.de\/de\/#\/schema\/logo\/image\/"}}]}},"_links":{"self":[{"href":"https:\/\/www.ostseeferienparkseepferdchen.de\/de\/wp-json\/wp\/v2\/pages\/1202","targetHints":{"allow":["GET"]}}],"collection":[{"href":"https:\/\/www.ostseeferienparkseepferdchen.de\/de\/wp-json\/wp\/v2\/pages"}],"about":[{"href":"https:\/\/www.ostseeferienparkseepferdchen.de\/de\/wp-json\/wp\/v2\/types\/page"}],"author":[{"embeddable":true,"href":"https:\/\/www.ostseeferienparkseepferdchen.de\/de\/wp-json\/wp\/v2\/users\/1"}],"replies":[{"embeddable":true,"href":"https:\/\/www.ostseeferienparkseepferdchen.de\/de\/wp-json\/wp\/v2\/comments?post=1202"}],"version-history":[{"count":25,"href":"https:\/\/www.ostseeferienparkseepferdchen.de\/de\/wp-json\/wp\/v2\/pages\/1202\/revisions"}],"predecessor-version":[{"id":2801,"href":"https:\/\/www.ostseeferienparkseepferdchen.de\/de\/wp-json\/wp\/v2\/pages\/1202\/revisions\/2801"}],"up":[{"embeddable":true,"href":"https:\/\/www.ostseeferienparkseepferdchen.de\/de\/wp-json\/wp\/v2\/pages\/1200"}],"wp:featuredmedia":[{"embeddable":true,"href":"https:\/\/www.ostseeferienparkseepferdchen.de\/de\/wp-json\/wp\/v2\/media\/2108"}],"wp:attachment":[{"href":"https:\/\/www.ostseeferienparkseepferdchen.de\/de\/wp-json\/wp\/v2\/media?parent=1202"}],"wp:term":[{"taxonomy":"seitenart","embeddable":true,"href":"https:\/\/www.ostseeferienparkseepferdchen.de\/de\/wp-json\/wp\/v2\/seitenart?post=1202"}],"curies":[{"name":"wp","href":"https:\/\/api.w.org\/{rel}","templated":true}]}}